{"id":594,"date":"2015-07-16T13:15:25","date_gmt":"2015-07-16T12:15:25","guid":{"rendered":"http:\/\/www.nature-comminges.asso.fr\/?page_id=594"},"modified":"2015-12-10T17:13:36","modified_gmt":"2015-12-10T16:13:36","slug":"mammiferes","status":"publish","type":"page","link":"http:\/\/www.nature-comminges.asso.fr\/index.php\/mammiferes\/","title":{"rendered":"Mammif\u00e8res"},"content":{"rendered":"<p align=\"justify\"><br class=' sb-br' \/><\/p>\n<p align=\"justify\"><span style=\"font-size: large;\">La richesse de la faune pyr\u00e9n\u00e9enne est incomparable. Elle est li\u00e9e \u00e0 la qualit\u00e9 \u00e9cologique des espaces montagnards. Les mammif\u00e8res y sont particuli\u00e8rement bien adapt\u00e9s pour le froid (graisse, poil, hivernation&#8230;) et les terrains pentus (formes des sabots&#8230;).<br \/>\n<\/span><\/p>\n<p align=\"justify\"><span style=\"font-size: large;\">En plaine, tant la Garonne, class\u00e9e Natura 2000, que la zone de pi\u00e9mont, h\u00e9bergent de nombreuses esp\u00e8ces aux habitudes de vie souvent discr\u00e8tes et nocturnes. <\/span><\/p>\n<p align=\"justify\"><span style=\"font-size: large;\">Une veille environnementale concert\u00e9e est r\u00e9alis\u00e9e par notre association pour la pr\u00e9servation de ces milieux, tant anthropis\u00e9s que naturels.<br \/>\n<\/span><\/p>\n<p align=\"justify\"><span style=\"font-size: large;\">Cliquez sur une photo pour pouvoir l\u2019agrandir puis faites d\u00e9filer le diaporama \u00e0 l\u2019aide des fl\u00eaches.<\/span><\/p>\n<p align=\"justify\"><span style=\"font-size: large;\"><br class=' sb-br' \/>\u00a0<\/span><\/p>\n\n\t\t<style type=\"text\/css\">\n\t\t\t#gallery-1 {\n\t\t\t\tmargin: auto;\n\t\t\t}\n\t\t\t#gallery-1 .gallery-item {\n\t\t\t\tfloat: left;\n\t\t\t\tmargin-top: 10px;\n\t\t\t\ttext-align: center;\n\t\t\t\twidth: 50%;\n\t\t\t}\n\t\t\t#gallery-1 img {\n\t\t\t\tborder: 2px solid #cfcfcf;\n\t\t\t}\n\t\t\t#gallery-1 .gallery-caption {\n\t\t\t\tmargin-left: 0;\n\t\t\t}\n\t\t\t\/* see gallery_shortcode() in wp-includes\/media.php *\/\n\t\t<\/style>\n\t\t<div id='gallery-1' class='gallery galleryid-594 gallery-columns-2 gallery-size-large'><dl class='gallery-item'>\n\t\t\t<dt class='gallery-icon landscape'>\n\t\t\t\t<a href='http:\/\/www.nature-comminges.asso.fr\/wp-content\/uploads\/2015\/07\/IMG_6574.jpg' rel=\"lightbox[594]\"><img width=\"625\" height=\"390\" src=\"http:\/\/www.nature-comminges.asso.fr\/wp-content\/uploads\/2015\/07\/IMG_6574.jpg\" class=\"attachment-large size-large\" alt=\"\" loading=\"lazy\" aria-describedby=\"gallery-1-1236\" srcset=\"http:\/\/www.nature-comminges.asso.fr\/wp-content\/uploads\/2015\/07\/IMG_6574.jpg 860w, http:\/\/www.nature-comminges.asso.fr\/wp-content\/uploads\/2015\/07\/IMG_6574-300x187.jpg 300w, http:\/\/www.nature-comminges.asso.fr\/wp-content\/uploads\/2015\/07\/IMG_6574-624x390.jpg 624w\" sizes=\"(max-width: 625px) 100vw, 625px\" \/><\/a>\n\t\t\t<\/dt>\n\t\t\t\t<dd class='wp-caption-text gallery-caption' id='gallery-1-1236'>\n\t\t\t\tCerf \u00e9laphe \u00a9 Joel Duvernay\n\t\t\t\t<\/dd><\/dl><dl class='gallery-item'>\n\t\t\t<dt class='gallery-icon landscape'>\n\t\t\t\t<a href='http:\/\/www.nature-comminges.asso.fr\/wp-content\/uploads\/2015\/07\/124.jpg' rel=\"lightbox[594]\"><img width=\"625\" height=\"390\" src=\"http:\/\/www.nature-comminges.asso.fr\/wp-content\/uploads\/2015\/07\/124.jpg\" class=\"attachment-large size-large\" alt=\"\" loading=\"lazy\" aria-describedby=\"gallery-1-1237\" srcset=\"http:\/\/www.nature-comminges.asso.fr\/wp-content\/uploads\/2015\/07\/124.jpg 860w, http:\/\/www.nature-comminges.asso.fr\/wp-content\/uploads\/2015\/07\/124-300x187.jpg 300w, http:\/\/www.nature-comminges.asso.fr\/wp-content\/uploads\/2015\/07\/124-624x390.jpg 624w\" sizes=\"(max-width: 625px) 100vw, 625px\" \/><\/a>\n\t\t\t<\/dt>\n\t\t\t\t<dd class='wp-caption-text gallery-caption' id='gallery-1-1237'>\n\t\t\t\tL&#8217;isard (pyr\u00e9n\u00e9en) et le chamois (alpin) sont des esp\u00e8ces proches \u00a9 Joel Duvernay\n\t\t\t\t<\/dd><\/dl><br style=\"clear: both\" \/><dl class='gallery-item'>\n\t\t\t<dt class='gallery-icon landscape'>\n\t\t\t\t<a href='http:\/\/www.nature-comminges.asso.fr\/wp-content\/uploads\/2015\/07\/104.jpg' rel=\"lightbox[594]\"><img width=\"625\" height=\"391\" src=\"http:\/\/www.nature-comminges.asso.fr\/wp-content\/uploads\/2015\/07\/104.jpg\" class=\"attachment-large size-large\" alt=\"\" loading=\"lazy\" aria-describedby=\"gallery-1-1235\" srcset=\"http:\/\/www.nature-comminges.asso.fr\/wp-content\/uploads\/2015\/07\/104.jpg 860w, http:\/\/www.nature-comminges.asso.fr\/wp-content\/uploads\/2015\/07\/104-300x188.jpg 300w, http:\/\/www.nature-comminges.asso.fr\/wp-content\/uploads\/2015\/07\/104-624x390.jpg 624w\" sizes=\"(max-width: 625px) 100vw, 625px\" \/><\/a>\n\t\t\t<\/dt>\n\t\t\t\t<dd class='wp-caption-text gallery-caption' id='gallery-1-1235'>\n\t\t\t\tChat forestier, esp\u00e8ce \u00e0 diff\u00e9rencier du chat domestique  \u00a9 Joel Duvernay\n\t\t\t\t<\/dd><\/dl><dl class='gallery-item'>\n\t\t\t<dt class='gallery-icon landscape'>\n\t\t\t\t<a href='http:\/\/www.nature-comminges.asso.fr\/wp-content\/uploads\/2015\/07\/95.jpg' rel=\"lightbox[594]\"><img width=\"625\" height=\"391\" src=\"http:\/\/www.nature-comminges.asso.fr\/wp-content\/uploads\/2015\/07\/95.jpg\" class=\"attachment-large size-large\" alt=\"\" loading=\"lazy\" aria-describedby=\"gallery-1-1234\" srcset=\"http:\/\/www.nature-comminges.asso.fr\/wp-content\/uploads\/2015\/07\/95.jpg 861w, http:\/\/www.nature-comminges.asso.fr\/wp-content\/uploads\/2015\/07\/95-300x187.jpg 300w, http:\/\/www.nature-comminges.asso.fr\/wp-content\/uploads\/2015\/07\/95-624x390.jpg 624w\" sizes=\"(max-width: 625px) 100vw, 625px\" \/><\/a>\n\t\t\t<\/dt>\n\t\t\t\t<dd class='wp-caption-text gallery-caption' id='gallery-1-1234'>\n\t\t\t\tMartre des pins \u00a9 Williams Fondevilla\n\t\t\t\t<\/dd><\/dl><br style=\"clear: both\" \/><dl class='gallery-item'>\n\t\t\t<dt class='gallery-icon landscape'>\n\t\t\t\t<a href='http:\/\/www.nature-comminges.asso.fr\/wp-content\/uploads\/2015\/07\/84.jpg' rel=\"lightbox[594]\"><img width=\"625\" height=\"390\" src=\"http:\/\/www.nature-comminges.asso.fr\/wp-content\/uploads\/2015\/07\/84.jpg\" class=\"attachment-large size-large\" alt=\"\" loading=\"lazy\" aria-describedby=\"gallery-1-1233\" srcset=\"http:\/\/www.nature-comminges.asso.fr\/wp-content\/uploads\/2015\/07\/84.jpg 860w, http:\/\/www.nature-comminges.asso.fr\/wp-content\/uploads\/2015\/07\/84-300x187.jpg 300w, http:\/\/www.nature-comminges.asso.fr\/wp-content\/uploads\/2015\/07\/84-624x390.jpg 624w\" sizes=\"(max-width: 625px) 100vw, 625px\" \/><\/a>\n\t\t\t<\/dt>\n\t\t\t\t<dd class='wp-caption-text gallery-caption' id='gallery-1-1233'>\n\t\t\t\tRenard roux \u00a9 Joel Duvernay\n\t\t\t\t<\/dd><\/dl><dl class='gallery-item'>\n\t\t\t<dt class='gallery-icon landscape'>\n\t\t\t\t<a href='http:\/\/www.nature-comminges.asso.fr\/wp-content\/uploads\/2015\/07\/74.jpg' rel=\"lightbox[594]\"><img width=\"625\" height=\"391\" src=\"http:\/\/www.nature-comminges.asso.fr\/wp-content\/uploads\/2015\/07\/74.jpg\" class=\"attachment-large size-large\" alt=\"\" loading=\"lazy\" aria-describedby=\"gallery-1-1232\" srcset=\"http:\/\/www.nature-comminges.asso.fr\/wp-content\/uploads\/2015\/07\/74.jpg 861w, http:\/\/www.nature-comminges.asso.fr\/wp-content\/uploads\/2015\/07\/74-300x187.jpg 300w, http:\/\/www.nature-comminges.asso.fr\/wp-content\/uploads\/2015\/07\/74-624x390.jpg 624w\" sizes=\"(max-width: 625px) 100vw, 625px\" \/><\/a>\n\t\t\t<\/dt>\n\t\t\t\t<dd class='wp-caption-text gallery-caption' id='gallery-1-1232'>\n\t\t\t\tMarmotte des Alpes \u00a9 Williams Fondevilla\n\t\t\t\t<\/dd><\/dl><br style=\"clear: both\" \/><dl class='gallery-item'>\n\t\t\t<dt class='gallery-icon landscape'>\n\t\t\t\t<a href='http:\/\/www.nature-comminges.asso.fr\/wp-content\/uploads\/2015\/07\/54.jpg' rel=\"lightbox[594]\"><img width=\"625\" height=\"391\" src=\"http:\/\/www.nature-comminges.asso.fr\/wp-content\/uploads\/2015\/07\/54.jpg\" class=\"attachment-large size-large\" alt=\"\" loading=\"lazy\" aria-describedby=\"gallery-1-1230\" srcset=\"http:\/\/www.nature-comminges.asso.fr\/wp-content\/uploads\/2015\/07\/54.jpg 861w, http:\/\/www.nature-comminges.asso.fr\/wp-content\/uploads\/2015\/07\/54-300x187.jpg 300w, http:\/\/www.nature-comminges.asso.fr\/wp-content\/uploads\/2015\/07\/54-624x390.jpg 624w\" sizes=\"(max-width: 625px) 100vw, 625px\" \/><\/a>\n\t\t\t<\/dt>\n\t\t\t\t<dd class='wp-caption-text gallery-caption' id='gallery-1-1230'>\n\t\t\t\tBlaireau europ\u00e9en \u00a9 Williams Fondevilla\n\t\t\t\t<\/dd><\/dl><dl class='gallery-item'>\n\t\t\t<dt class='gallery-icon landscape'>\n\t\t\t\t<a href='http:\/\/www.nature-comminges.asso.fr\/wp-content\/uploads\/2015\/07\/64.jpg' rel=\"lightbox[594]\"><img width=\"625\" height=\"390\" src=\"http:\/\/www.nature-comminges.asso.fr\/wp-content\/uploads\/2015\/07\/64.jpg\" class=\"attachment-large size-large\" alt=\"\" loading=\"lazy\" aria-describedby=\"gallery-1-1231\" srcset=\"http:\/\/www.nature-comminges.asso.fr\/wp-content\/uploads\/2015\/07\/64.jpg 860w, http:\/\/www.nature-comminges.asso.fr\/wp-content\/uploads\/2015\/07\/64-300x187.jpg 300w, http:\/\/www.nature-comminges.asso.fr\/wp-content\/uploads\/2015\/07\/64-624x390.jpg 624w\" sizes=\"(max-width: 625px) 100vw, 625px\" \/><\/a>\n\t\t\t<\/dt>\n\t\t\t\t<dd class='wp-caption-text gallery-caption' id='gallery-1-1231'>\n\t\t\t\tLa loutre d&#8217;Europe est de retour  sur la Garonne et de nombreux affluents \u00a9 Serge Gousse\n\t\t\t\t<\/dd><\/dl><br style=\"clear: both\" \/><dl class='gallery-item'>\n\t\t\t<dt class='gallery-icon landscape'>\n\t\t\t\t<a href='http:\/\/www.nature-comminges.asso.fr\/wp-content\/uploads\/2015\/07\/15.jpg' rel=\"lightbox[594]\"><img width=\"625\" height=\"391\" src=\"http:\/\/www.nature-comminges.asso.fr\/wp-content\/uploads\/2015\/07\/15.jpg\" class=\"attachment-large size-large\" alt=\"\" loading=\"lazy\" aria-describedby=\"gallery-1-1226\" srcset=\"http:\/\/www.nature-comminges.asso.fr\/wp-content\/uploads\/2015\/07\/15.jpg 861w, http:\/\/www.nature-comminges.asso.fr\/wp-content\/uploads\/2015\/07\/15-300x187.jpg 300w, http:\/\/www.nature-comminges.asso.fr\/wp-content\/uploads\/2015\/07\/15-624x390.jpg 624w\" sizes=\"(max-width: 625px) 100vw, 625px\" \/><\/a>\n\t\t\t<\/dt>\n\t\t\t\t<dd class='wp-caption-text gallery-caption' id='gallery-1-1226'>\n\t\t\t\tEcureuil roux \u00a9 Williams Fondevilla\n\t\t\t\t<\/dd><\/dl><dl class='gallery-item'>\n\t\t\t<dt class='gallery-icon landscape'>\n\t\t\t\t<a href='http:\/\/www.nature-comminges.asso.fr\/wp-content\/uploads\/2015\/07\/24.jpg' rel=\"lightbox[594]\"><img width=\"625\" height=\"391\" src=\"http:\/\/www.nature-comminges.asso.fr\/wp-content\/uploads\/2015\/07\/24.jpg\" class=\"attachment-large size-large\" alt=\"\" loading=\"lazy\" aria-describedby=\"gallery-1-1227\" srcset=\"http:\/\/www.nature-comminges.asso.fr\/wp-content\/uploads\/2015\/07\/24.jpg 861w, http:\/\/www.nature-comminges.asso.fr\/wp-content\/uploads\/2015\/07\/24-300x187.jpg 300w, http:\/\/www.nature-comminges.asso.fr\/wp-content\/uploads\/2015\/07\/24-624x390.jpg 624w\" sizes=\"(max-width: 625px) 100vw, 625px\" \/><\/a>\n\t\t\t<\/dt>\n\t\t\t\t<dd class='wp-caption-text gallery-caption' id='gallery-1-1227'>\n\t\t\t\tMusaraigne des jardins \u00a9 Williams Fondevilla\n\t\t\t\t<\/dd><\/dl><br style=\"clear: both\" \/><dl class='gallery-item'>\n\t\t\t<dt class='gallery-icon landscape'>\n\t\t\t\t<a href='http:\/\/www.nature-comminges.asso.fr\/wp-content\/uploads\/2015\/07\/34.jpg' rel=\"lightbox[594]\"><img width=\"625\" height=\"391\" src=\"http:\/\/www.nature-comminges.asso.fr\/wp-content\/uploads\/2015\/07\/34.jpg\" class=\"attachment-large size-large\" alt=\"\" loading=\"lazy\" aria-describedby=\"gallery-1-1228\" srcset=\"http:\/\/www.nature-comminges.asso.fr\/wp-content\/uploads\/2015\/07\/34.jpg 861w, http:\/\/www.nature-comminges.asso.fr\/wp-content\/uploads\/2015\/07\/34-300x187.jpg 300w, http:\/\/www.nature-comminges.asso.fr\/wp-content\/uploads\/2015\/07\/34-624x390.jpg 624w\" sizes=\"(max-width: 625px) 100vw, 625px\" \/><\/a>\n\t\t\t<\/dt>\n\t\t\t\t<dd class='wp-caption-text gallery-caption' id='gallery-1-1228'>\n\t\t\t\tLoir gris \u00a9 Williams Fondevilla\n\t\t\t\t<\/dd><\/dl><dl class='gallery-item'>\n\t\t\t<dt class='gallery-icon landscape'>\n\t\t\t\t<a href='http:\/\/www.nature-comminges.asso.fr\/wp-content\/uploads\/2015\/07\/44.jpg' rel=\"lightbox[594]\"><img width=\"625\" height=\"391\" src=\"http:\/\/www.nature-comminges.asso.fr\/wp-content\/uploads\/2015\/07\/44.jpg\" class=\"attachment-large size-large\" alt=\"\" loading=\"lazy\" aria-describedby=\"gallery-1-1229\" srcset=\"http:\/\/www.nature-comminges.asso.fr\/wp-content\/uploads\/2015\/07\/44.jpg 861w, http:\/\/www.nature-comminges.asso.fr\/wp-content\/uploads\/2015\/07\/44-300x187.jpg 300w, http:\/\/www.nature-comminges.asso.fr\/wp-content\/uploads\/2015\/07\/44-624x390.jpg 624w\" sizes=\"(max-width: 625px) 100vw, 625px\" \/><\/a>\n\t\t\t<\/dt>\n\t\t\t\t<dd class='wp-caption-text gallery-caption' id='gallery-1-1229'>\n\t\t\t\tPipistrelle commune \u00a9 Williams Fondevilla\n\t\t\t\t<\/dd><\/dl><br style=\"clear: both\" \/>\n\t\t<\/div>\n\n","protected":false},"excerpt":{"rendered":"<p>La richesse de la faune pyr\u00e9n\u00e9enne est incomparable. Elle est li\u00e9e \u00e0 la qualit\u00e9 \u00e9cologique des espaces montagnards. Les mammif\u00e8res y sont particuli\u00e8rement bien adapt\u00e9s pour le froid (graisse, poil, hivernation&#8230;) et les terrains pentus (formes des sabots&#8230;). En plaine, tant la Garonne, class\u00e9e Natura 2000, que la zone de pi\u00e9mont, h\u00e9bergent de nombreuses esp\u00e8ces [&hellip;]<\/p>\n","protected":false},"author":1,"featured_media":0,"parent":0,"menu_order":0,"comment_status":"closed","ping_status":"closed","template":"","meta":[],"_links":{"self":[{"href":"http:\/\/www.nature-comminges.asso.fr\/index.php\/wp-json\/wp\/v2\/pages\/594"}],"collection":[{"href":"http:\/\/www.nature-comminges.asso.fr\/index.php\/wp-json\/wp\/v2\/pages"}],"about":[{"href":"http:\/\/www.nature-comminges.asso.fr\/index.php\/wp-json\/wp\/v2\/types\/page"}],"author":[{"embeddable":true,"href":"http:\/\/www.nature-comminges.asso.fr\/index.php\/wp-json\/wp\/v2\/users\/1"}],"replies":[{"embeddable":true,"href":"http:\/\/www.nature-comminges.asso.fr\/index.php\/wp-json\/wp\/v2\/comments?post=594"}],"version-history":[{"count":10,"href":"http:\/\/www.nature-comminges.asso.fr\/index.php\/wp-json\/wp\/v2\/pages\/594\/revisions"}],"predecessor-version":[{"id":2203,"href":"http:\/\/www.nature-comminges.asso.fr\/index.php\/wp-json\/wp\/v2\/pages\/594\/revisions\/2203"}],"wp:attachment":[{"href":"http:\/\/www.nature-comminges.asso.fr\/index.php\/wp-json\/wp\/v2\/media?parent=594"}],"curies":[{"name":"wp","href":"https:\/\/api.w.org\/{rel}","templated":true}]}}