{"id":583,"date":"2015-07-16T13:05:45","date_gmt":"2015-07-16T12:05:45","guid":{"rendered":"http:\/\/www.nature-comminges.asso.fr\/?page_id=583"},"modified":"2015-08-19T17:24:47","modified_gmt":"2015-08-19T16:24:47","slug":"paysages","status":"publish","type":"page","link":"http:\/\/www.nature-comminges.asso.fr\/index.php\/paysages\/","title":{"rendered":"PAYSAGES"},"content":{"rendered":"<br class=' sb-br' \/>\n<p align=\"justify\"><span style=\"font-size: large;\">De la plaine alluviale de la Garonne jusqu&#8217;aux cimes enneig\u00e9es du Crab\u00e8re, en passant par les massifs interm\u00e9diaires du Cagire ou de Paloum\u00e8re qui dominent les coteaux secs des Petites-Pyr\u00e9n\u00e9es, le Comminges pr\u00e9sente une diversit\u00e9 de paysages extraordinaire.<\/span><\/p>\n<p align=\"justify\"><span style=\"font-size: large;\">Son relief est marqu\u00e9, jusqu&#8217;aux plus basses altitudes, par la grande glaciation qui, aux temps quaternaires, recouvra tout l&#8217;espace europ\u00e9en et asiatique.<\/span><\/p>\n<p align=\"justify\"><span style=\"font-size: large;\"> L&#8217;action du climat, mais aussi des hommes et des animaux, tant domestiques que sauvages, a contribu\u00e9 \u00e0 sculpter les paysages singuliers du pays commingeois.<\/span><\/p>\n<p align=\"justify\"><span style=\"font-size: large;\">Nous vous pr\u00e9sentons quelques images ci apr\u00e8s, depuis les plaines jusqu&#8217;\u00e0 la haute montagne.<\/span><\/p>\n<p align=\"justify\"><span style=\"font-size: large;\">Cliquez sur une photo pour pouvoir l\u2019agrandir puis faites d\u00e9filer le diaporama \u00e0 l\u2019aide des fl\u00eaches. <br class=' sb-br' \/>\u00a0<\/span><\/p>\n<p align=\"justify\"><span style=\"font-size: large;\">\u00a0<\/span><\/p>\n\n\t\t<style type=\"text\/css\">\n\t\t\t#gallery-1 {\n\t\t\t\tmargin: auto;\n\t\t\t}\n\t\t\t#gallery-1 .gallery-item {\n\t\t\t\tfloat: left;\n\t\t\t\tmargin-top: 10px;\n\t\t\t\ttext-align: center;\n\t\t\t\twidth: 50%;\n\t\t\t}\n\t\t\t#gallery-1 img {\n\t\t\t\tborder: 2px solid #cfcfcf;\n\t\t\t}\n\t\t\t#gallery-1 .gallery-caption {\n\t\t\t\tmargin-left: 0;\n\t\t\t}\n\t\t\t\/* see gallery_shortcode() in wp-includes\/media.php *\/\n\t\t<\/style>\n\t\t<div id='gallery-1' class='gallery galleryid-583 gallery-columns-2 gallery-size-large'><dl class='gallery-item'>\n\t\t\t<dt class='gallery-icon landscape'>\n\t\t\t\t<a href='http:\/\/www.nature-comminges.asso.fr\/wp-content\/uploads\/2015\/07\/1.jpg' rel=\"lightbox[583]\"><img width=\"625\" height=\"469\" src=\"http:\/\/www.nature-comminges.asso.fr\/wp-content\/uploads\/2015\/07\/1.jpg\" class=\"attachment-large size-large\" alt=\"\" loading=\"lazy\" aria-describedby=\"gallery-1-1147\" srcset=\"http:\/\/www.nature-comminges.asso.fr\/wp-content\/uploads\/2015\/07\/1.jpg 860w, http:\/\/www.nature-comminges.asso.fr\/wp-content\/uploads\/2015\/07\/1-300x225.jpg 300w, http:\/\/www.nature-comminges.asso.fr\/wp-content\/uploads\/2015\/07\/1-624x468.jpg 624w\" sizes=\"(max-width: 625px) 100vw, 625px\" \/><\/a>\n\t\t\t<\/dt>\n\t\t\t\t<dd class='wp-caption-text gallery-caption' id='gallery-1-1147'>\n\t\t\t\tLa Garonne pr\u00e8s de Saint Gaudens \u00a9 Guillaume Castaing\n\t\t\t\t<\/dd><\/dl><dl class='gallery-item'>\n\t\t\t<dt class='gallery-icon landscape'>\n\t\t\t\t<a href='http:\/\/www.nature-comminges.asso.fr\/wp-content\/uploads\/2015\/07\/21.jpg' rel=\"lightbox[583]\"><img width=\"625\" height=\"469\" src=\"http:\/\/www.nature-comminges.asso.fr\/wp-content\/uploads\/2015\/07\/21.jpg\" class=\"attachment-large size-large\" alt=\"\" loading=\"lazy\" aria-describedby=\"gallery-1-1153\" srcset=\"http:\/\/www.nature-comminges.asso.fr\/wp-content\/uploads\/2015\/07\/21.jpg 860w, http:\/\/www.nature-comminges.asso.fr\/wp-content\/uploads\/2015\/07\/21-300x225.jpg 300w, http:\/\/www.nature-comminges.asso.fr\/wp-content\/uploads\/2015\/07\/21-624x468.jpg 624w\" sizes=\"(max-width: 625px) 100vw, 625px\" \/><\/a>\n\t\t\t<\/dt>\n\t\t\t\t<dd class='wp-caption-text gallery-caption' id='gallery-1-1153'>\n\t\t\t\tMarnes d&#8217;Aulon \u00a9 Guillaume Castaing\n\t\t\t\t<\/dd><\/dl><br style=\"clear: both\" \/><dl class='gallery-item'>\n\t\t\t<dt class='gallery-icon landscape'>\n\t\t\t\t<a href='http:\/\/www.nature-comminges.asso.fr\/wp-content\/uploads\/2015\/07\/3.jpg' rel=\"lightbox[583]\"><img width=\"625\" height=\"469\" src=\"http:\/\/www.nature-comminges.asso.fr\/wp-content\/uploads\/2015\/07\/3.jpg\" class=\"attachment-large size-large\" alt=\"\" loading=\"lazy\" aria-describedby=\"gallery-1-1149\" srcset=\"http:\/\/www.nature-comminges.asso.fr\/wp-content\/uploads\/2015\/07\/3.jpg 860w, http:\/\/www.nature-comminges.asso.fr\/wp-content\/uploads\/2015\/07\/3-300x225.jpg 300w, http:\/\/www.nature-comminges.asso.fr\/wp-content\/uploads\/2015\/07\/3-624x468.jpg 624w\" sizes=\"(max-width: 625px) 100vw, 625px\" \/><\/a>\n\t\t\t<\/dt>\n\t\t\t\t<dd class='wp-caption-text gallery-caption' id='gallery-1-1149'>\n\t\t\t\tPetites Pyr\u00e9n\u00e9es \u00a9 Guillaume Castaing\n\t\t\t\t<\/dd><\/dl><dl class='gallery-item'>\n\t\t\t<dt class='gallery-icon landscape'>\n\t\t\t\t<a href='http:\/\/www.nature-comminges.asso.fr\/wp-content\/uploads\/2015\/07\/4.jpg' rel=\"lightbox[583]\"><img width=\"625\" height=\"468\" src=\"http:\/\/www.nature-comminges.asso.fr\/wp-content\/uploads\/2015\/07\/4.jpg\" class=\"attachment-large size-large\" alt=\"\" loading=\"lazy\" aria-describedby=\"gallery-1-1150\" srcset=\"http:\/\/www.nature-comminges.asso.fr\/wp-content\/uploads\/2015\/07\/4.jpg 860w, http:\/\/www.nature-comminges.asso.fr\/wp-content\/uploads\/2015\/07\/4-300x225.jpg 300w, http:\/\/www.nature-comminges.asso.fr\/wp-content\/uploads\/2015\/07\/4-624x467.jpg 624w\" sizes=\"(max-width: 625px) 100vw, 625px\" \/><\/a>\n\t\t\t<\/dt>\n\t\t\t\t<dd class='wp-caption-text gallery-caption' id='gallery-1-1150'>\n\t\t\t\tCol de Caube \u00a9 Williams Fondevilla\n\t\t\t\t<\/dd><\/dl><br style=\"clear: both\" \/><dl class='gallery-item'>\n\t\t\t<dt class='gallery-icon landscape'>\n\t\t\t\t<a href='http:\/\/www.nature-comminges.asso.fr\/wp-content\/uploads\/2015\/07\/5.jpg' rel=\"lightbox[583]\"><img width=\"625\" height=\"469\" src=\"http:\/\/www.nature-comminges.asso.fr\/wp-content\/uploads\/2015\/07\/5.jpg\" class=\"attachment-large size-large\" alt=\"\" loading=\"lazy\" aria-describedby=\"gallery-1-1151\" srcset=\"http:\/\/www.nature-comminges.asso.fr\/wp-content\/uploads\/2015\/07\/5.jpg 860w, http:\/\/www.nature-comminges.asso.fr\/wp-content\/uploads\/2015\/07\/5-300x225.jpg 300w, http:\/\/www.nature-comminges.asso.fr\/wp-content\/uploads\/2015\/07\/5-624x468.jpg 624w\" sizes=\"(max-width: 625px) 100vw, 625px\" \/><\/a>\n\t\t\t<\/dt>\n\t\t\t\t<dd class='wp-caption-text gallery-caption' id='gallery-1-1151'>\n\t\t\t\tVue sur le Cagire \u00a9 Guillaume Castaing\n\t\t\t\t<\/dd><\/dl><dl class='gallery-item'>\n\t\t\t<dt class='gallery-icon landscape'>\n\t\t\t\t<a href='http:\/\/www.nature-comminges.asso.fr\/wp-content\/uploads\/2015\/07\/6.jpg' rel=\"lightbox[583]\"><img width=\"625\" height=\"468\" src=\"http:\/\/www.nature-comminges.asso.fr\/wp-content\/uploads\/2015\/07\/6.jpg\" class=\"attachment-large size-large\" alt=\"\" loading=\"lazy\" aria-describedby=\"gallery-1-1156\" srcset=\"http:\/\/www.nature-comminges.asso.fr\/wp-content\/uploads\/2015\/07\/6.jpg 860w, http:\/\/www.nature-comminges.asso.fr\/wp-content\/uploads\/2015\/07\/6-300x225.jpg 300w, http:\/\/www.nature-comminges.asso.fr\/wp-content\/uploads\/2015\/07\/6-624x467.jpg 624w\" sizes=\"(max-width: 625px) 100vw, 625px\" \/><\/a>\n\t\t\t<\/dt>\n\t\t\t\t<dd class='wp-caption-text gallery-caption' id='gallery-1-1156'>\n\t\t\t\tPic du Gar \u00a9 Williams Fondevilla\n\t\t\t\t<\/dd><\/dl><br style=\"clear: both\" \/><dl class='gallery-item'>\n\t\t\t<dt class='gallery-icon landscape'>\n\t\t\t\t<a href='http:\/\/www.nature-comminges.asso.fr\/wp-content\/uploads\/2015\/07\/7.jpg' rel=\"lightbox[583]\"><img width=\"625\" height=\"469\" src=\"http:\/\/www.nature-comminges.asso.fr\/wp-content\/uploads\/2015\/07\/7.jpg\" class=\"attachment-large size-large\" alt=\"\" loading=\"lazy\" aria-describedby=\"gallery-1-1157\" srcset=\"http:\/\/www.nature-comminges.asso.fr\/wp-content\/uploads\/2015\/07\/7.jpg 860w, http:\/\/www.nature-comminges.asso.fr\/wp-content\/uploads\/2015\/07\/7-300x225.jpg 300w, http:\/\/www.nature-comminges.asso.fr\/wp-content\/uploads\/2015\/07\/7-624x468.jpg 624w\" sizes=\"(max-width: 625px) 100vw, 625px\" \/><\/a>\n\t\t\t<\/dt>\n\t\t\t\t<dd class='wp-caption-text gallery-caption' id='gallery-1-1157'>\n\t\t\t\tBois de Saum\u00e8de \u00a9 Philippe Falbet\n\t\t\t\t<\/dd><\/dl><dl class='gallery-item'>\n\t\t\t<dt class='gallery-icon landscape'>\n\t\t\t\t<a href='http:\/\/www.nature-comminges.asso.fr\/wp-content\/uploads\/2015\/07\/8.jpg' rel=\"lightbox[583]\"><img width=\"625\" height=\"469\" src=\"http:\/\/www.nature-comminges.asso.fr\/wp-content\/uploads\/2015\/07\/8.jpg\" class=\"attachment-large size-large\" alt=\"\" loading=\"lazy\" aria-describedby=\"gallery-1-1158\" srcset=\"http:\/\/www.nature-comminges.asso.fr\/wp-content\/uploads\/2015\/07\/8.jpg 860w, http:\/\/www.nature-comminges.asso.fr\/wp-content\/uploads\/2015\/07\/8-300x225.jpg 300w, http:\/\/www.nature-comminges.asso.fr\/wp-content\/uploads\/2015\/07\/8-624x468.jpg 624w\" sizes=\"(max-width: 625px) 100vw, 625px\" \/><\/a>\n\t\t\t<\/dt>\n\t\t\t\t<dd class='wp-caption-text gallery-caption' id='gallery-1-1158'>\n\t\t\t\tMosa\u00efque naturelle de l&#8217;\u00e9tage subalpin \u00a9 Philippe Falbet\n\t\t\t\t<\/dd><\/dl><br style=\"clear: both\" \/><dl class='gallery-item'>\n\t\t\t<dt class='gallery-icon landscape'>\n\t\t\t\t<a href='http:\/\/www.nature-comminges.asso.fr\/wp-content\/uploads\/2015\/07\/9.jpg' rel=\"lightbox[583]\"><img width=\"625\" height=\"469\" src=\"http:\/\/www.nature-comminges.asso.fr\/wp-content\/uploads\/2015\/07\/9.jpg\" class=\"attachment-large size-large\" alt=\"\" loading=\"lazy\" aria-describedby=\"gallery-1-1159\" srcset=\"http:\/\/www.nature-comminges.asso.fr\/wp-content\/uploads\/2015\/07\/9.jpg 860w, http:\/\/www.nature-comminges.asso.fr\/wp-content\/uploads\/2015\/07\/9-300x225.jpg 300w, http:\/\/www.nature-comminges.asso.fr\/wp-content\/uploads\/2015\/07\/9-624x468.jpg 624w\" sizes=\"(max-width: 625px) 100vw, 625px\" \/><\/a>\n\t\t\t<\/dt>\n\t\t\t\t<dd class='wp-caption-text gallery-caption' id='gallery-1-1159'>\n\t\t\t\tLande \u00e0 callune \u00a9 Philippe Falbet\n\t\t\t\t<\/dd><\/dl><dl class='gallery-item'>\n\t\t\t<dt class='gallery-icon landscape'>\n\t\t\t\t<a href='http:\/\/www.nature-comminges.asso.fr\/wp-content\/uploads\/2015\/07\/10.jpg' rel=\"lightbox[583]\"><img width=\"625\" height=\"469\" src=\"http:\/\/www.nature-comminges.asso.fr\/wp-content\/uploads\/2015\/07\/10.jpg\" class=\"attachment-large size-large\" alt=\"\" loading=\"lazy\" aria-describedby=\"gallery-1-1160\" srcset=\"http:\/\/www.nature-comminges.asso.fr\/wp-content\/uploads\/2015\/07\/10.jpg 860w, http:\/\/www.nature-comminges.asso.fr\/wp-content\/uploads\/2015\/07\/10-300x225.jpg 300w, http:\/\/www.nature-comminges.asso.fr\/wp-content\/uploads\/2015\/07\/10-624x468.jpg 624w\" sizes=\"(max-width: 625px) 100vw, 625px\" \/><\/a>\n\t\t\t<\/dt>\n\t\t\t\t<dd class='wp-caption-text gallery-caption' id='gallery-1-1160'>\n\t\t\t\tVall\u00e9e du Lys \u00a9 Guillaume Castaing\n\t\t\t\t<\/dd><\/dl><br style=\"clear: both\" \/><dl class='gallery-item'>\n\t\t\t<dt class='gallery-icon landscape'>\n\t\t\t\t<a href='http:\/\/www.nature-comminges.asso.fr\/wp-content\/uploads\/2015\/07\/111.jpg' rel=\"lightbox[583]\"><img width=\"625\" height=\"469\" src=\"http:\/\/www.nature-comminges.asso.fr\/wp-content\/uploads\/2015\/07\/111.jpg\" class=\"attachment-large size-large\" alt=\"\" loading=\"lazy\" aria-describedby=\"gallery-1-1161\" srcset=\"http:\/\/www.nature-comminges.asso.fr\/wp-content\/uploads\/2015\/07\/111.jpg 860w, http:\/\/www.nature-comminges.asso.fr\/wp-content\/uploads\/2015\/07\/111-300x225.jpg 300w, http:\/\/www.nature-comminges.asso.fr\/wp-content\/uploads\/2015\/07\/111-624x469.jpg 624w\" sizes=\"(max-width: 625px) 100vw, 625px\" \/><\/a>\n\t\t\t<\/dt>\n\t\t\t\t<dd class='wp-caption-text gallery-caption' id='gallery-1-1161'>\n\t\t\t\tLac Vert \u00a9 Corentin Abgrall\n\t\t\t\t<\/dd><\/dl><dl class='gallery-item'>\n\t\t\t<dt class='gallery-icon landscape'>\n\t\t\t\t<a href='http:\/\/www.nature-comminges.asso.fr\/wp-content\/uploads\/2015\/07\/12.jpg' rel=\"lightbox[583]\"><img width=\"625\" height=\"467\" src=\"http:\/\/www.nature-comminges.asso.fr\/wp-content\/uploads\/2015\/07\/12.jpg\" class=\"attachment-large size-large\" alt=\"\" loading=\"lazy\" aria-describedby=\"gallery-1-1162\" srcset=\"http:\/\/www.nature-comminges.asso.fr\/wp-content\/uploads\/2015\/07\/12.jpg 860w, http:\/\/www.nature-comminges.asso.fr\/wp-content\/uploads\/2015\/07\/12-300x224.jpg 300w, http:\/\/www.nature-comminges.asso.fr\/wp-content\/uploads\/2015\/07\/12-624x467.jpg 624w\" sizes=\"(max-width: 625px) 100vw, 625px\" \/><\/a>\n\t\t\t<\/dt>\n\t\t\t\t<dd class='wp-caption-text gallery-caption' id='gallery-1-1162'>\n\t\t\t\tLac du Portillon \u00a9 Nature Comminges\n\t\t\t\t<\/dd><\/dl><br style=\"clear: both\" \/>\n\t\t<\/div>\n\n<p>&nbsp;<\/p>\n","protected":false},"excerpt":{"rendered":"<p>De la plaine alluviale de la Garonne jusqu&#8217;aux cimes enneig\u00e9es du Crab\u00e8re, en passant par les massifs interm\u00e9diaires du Cagire ou de Paloum\u00e8re qui dominent les coteaux secs des Petites-Pyr\u00e9n\u00e9es, le Comminges pr\u00e9sente une diversit\u00e9 de paysages extraordinaire. Son relief est marqu\u00e9, jusqu&#8217;aux plus basses altitudes, par la grande glaciation qui, aux temps quaternaires, recouvra [&hellip;]<\/p>\n","protected":false},"author":1,"featured_media":0,"parent":0,"menu_order":0,"comment_status":"closed","ping_status":"closed","template":"","meta":[],"_links":{"self":[{"href":"http:\/\/www.nature-comminges.asso.fr\/index.php\/wp-json\/wp\/v2\/pages\/583"}],"collection":[{"href":"http:\/\/www.nature-comminges.asso.fr\/index.php\/wp-json\/wp\/v2\/pages"}],"about":[{"href":"http:\/\/www.nature-comminges.asso.fr\/index.php\/wp-json\/wp\/v2\/types\/page"}],"author":[{"embeddable":true,"href":"http:\/\/www.nature-comminges.asso.fr\/index.php\/wp-json\/wp\/v2\/users\/1"}],"replies":[{"embeddable":true,"href":"http:\/\/www.nature-comminges.asso.fr\/index.php\/wp-json\/wp\/v2\/comments?post=583"}],"version-history":[{"count":12,"href":"http:\/\/www.nature-comminges.asso.fr\/index.php\/wp-json\/wp\/v2\/pages\/583\/revisions"}],"predecessor-version":[{"id":1251,"href":"http:\/\/www.nature-comminges.asso.fr\/index.php\/wp-json\/wp\/v2\/pages\/583\/revisions\/1251"}],"wp:attachment":[{"href":"http:\/\/www.nature-comminges.asso.fr\/index.php\/wp-json\/wp\/v2\/media?parent=583"}],"curies":[{"name":"wp","href":"https:\/\/api.w.org\/{rel}","templated":true}]}}