{"id":4487,"date":"2020-12-02T11:34:59","date_gmt":"2020-12-02T10:34:59","guid":{"rendered":"http:\/\/www.nature-comminges.asso.fr\/?page_id=4487"},"modified":"2020-12-02T18:25:54","modified_gmt":"2020-12-02T17:25:54","slug":"villes-et-territoires","status":"publish","type":"page","link":"http:\/\/www.nature-comminges.asso.fr\/index.php\/villes-et-territoires\/","title":{"rendered":"Villes et territoires"},"content":{"rendered":"<h2 style=\"text-align: center;\" align=\"center\"><span style=\"color: #000000;\"><strong>Argumentaire sur l\u2019Artificialisation des sols dans le Comminges<\/strong><\/span><\/h2>\n<p style=\"text-align: justify;\" align=\"center\"><br class=' sb-br' \/><strong><span style=\"font-family: 'Liberation Serif', serif; color: #000000;\"><span style=\"font-size: large;\">Les associations suivantes : Nature en Occitanie, FNE Midi pyr\u00e9n\u00e9es, AREMIP, Les amis de la Terre Midi-pyr\u00e9n\u00e9es, ATTAC Comminges et Nature Comminges, ont adress\u00e9 une &#8220;<span style=\"color: #0000ff;\"><a style=\"color: #0000ff;\" href=\"http:\/\/www.nature-comminges.asso.fr\/wp-content\/uploads\/2020\/12\/lettre-aux-elus.pdf\">lettre ouverte aux \u00e9lus<\/a><\/span>&#8221; pour protester contre l&#8217;extension des zones urbanis\u00e9es et l&#8217;artificialisation des sols en Comminges, notamment contre le projet OZE \u00e0 l&#8217;ouest de St Gaudens. <span style=\"color: #0000ff;\"><a style=\"color: #0000ff;\" href=\"http:\/\/www.nature-comminges.asso.fr\/wp-content\/uploads\/2020\/12\/lettre-prefet-2.doc\">Voici la lettre au pr\u00e9fet.<\/a><\/span><\/span><\/span><\/strong><\/p>\n<p style=\"text-align: left;\" align=\"center\"><span style=\"color: #000000;\"><br class=' sb-br' \/><span style=\"font-family: Liberation Serif, serif;\"><span style=\"font-size: large;\">&#8211; <b>Des tendances lourdes<\/b><\/span><\/span><\/span><\/p>\n<p style=\"text-align: justify;\" align=\"center\"><span style=\"color: #000000;\"><br class=' sb-br' \/><span style=\"font-family: Liberation Serif, serif;\"><span style=\"font-size: large;\">Cons\u00e9quence de l\u2019accroissement de l\u2019agglom\u00e9ration toulousaine, la croissance d\u00e9mographique tr\u00e8s soutenue enregistr\u00e9e entre 1990 et 1999 (+1,4% par an), se maintient depuis 1999, faisant de la Haute-Garonne le d\u00e9partement m\u00e9tropolitain le plus dynamique avec l\u2019H\u00e9rault. Le canton de Saint-Gaudens n\u2019est pas rest\u00e9 \u00e0 l\u2019\u00e9cart de ce ph\u00e9nom\u00e8ne, puisqu\u2019on enregistre un accroissement de la population au sein du Pays Comminges Pyr\u00e9n\u00e9es de 7,6 % entre 1999 et 2015, soit 5 494 habitants suppl\u00e9mentaires. Le S.C.O.T du Pays de Comminges-Pyr\u00e9n\u00e9es (valid\u00e9 le 4 juillet 2019) table sur une augmentation importante de la population, avec l\u2019accueil de 10.000 nouveaux habitants \u00e0 l\u2019horizon 2030.<\/span><\/span><\/span><\/p>\n<p style=\"text-align: justify;\" align=\"center\"><span style=\"color: #000000;\"><br class=' sb-br' \/><span style=\"font-family: Liberation Serif, serif;\"><span style=\"font-size: large;\">Par courrier du 23 octobre 2018, le Pr\u00e9fet de la r\u00e9gion Occitanie alertait en ces termes les Pr\u00e9fets des d\u00e9partements concern\u00e9s sur la consommation d\u2019espace en r\u00e9gion Occitanie (r\u00e9gion la plus attractive de France). <i>\u00ab\u00a0En 10 ans, la tache urbaine a augment\u00e9 de 14,5%. Une surface de 730 m\u00b2 en moyenne a \u00e9t\u00e9 artificialis\u00e9e pour chaque habitant suppl\u00e9mentaire en Occitanie. Un tel ratio est insoutenable \u00e0 long terme au regard des pr\u00e9visions d\u00e9mographiques.\u00a0\u00bb <\/i>Si la progression de la tache urbaine est variable selon les territoires, il rappelle que <i>\u00ab\u00a0dans bon nombre de territoires ruraux et de villes moyennes, la tache urbaine cro\u00eet plus vite que la population\u00a0\u00bb. \u00ab\u00a0Cet \u00e9talement urbaine excessif s\u2019est traduit, depuis une trentaine d\u2019ann\u00e9e, par le d\u00e9veloppement de zones pavillonnaires et de surfaces commerciales ou encore par la multiplication de zones d\u2019activit\u00e9s. Il aura pleinement impact\u00e9 le territoire\u00a0: sp\u00e9culation fonci\u00e8re, affaiblissement de l\u2019outil de production agricole, augmentation des distances domiciles-travail, s\u00e9gr\u00e9gation \u00ab\u00a0sociale\u00a0\u00bb, d\u00e9prise agricole et d\u00e9gradation de la biodiversit\u00e9\u00a0\u00bb. \u00ab\u00a0Prolonger cette trajectoire menacerait le maintien de l\u2019activit\u00e9 r\u00e9gionale face aux grands changements \u00e0 venir\u00a0: d\u00e9fis \u00e9nerg\u00e9tique et climatique, d\u00e9fi de la s\u00e9curit\u00e9 alimentaire.\u00a0\u00bb (\u2026).<\/i> On constate localement, qu\u2019entre 2009 et 2013, 390\u00a0 ha ont \u00e9t\u00e9 consomm\u00e9s par les surfaces b\u00e2ties sur le territoire du SCoT du Pays Comminges Pyr\u00e9n\u00e9es\u00a0; correspondant \u00e0 un rythme moyen d\u2019environ 78 ha par an (Diagnostic du SCot, p.162 et sv). Entre 2009 et 2018 ce sont donc pr\u00e8s de 590 ha qui ont \u00e9t\u00e9 consomm\u00e9s sur le territoire (59 ha par an en moyenne), pour l\u2019habitat r\u00e9sidentiel, l\u2019extraction de mat\u00e9riaux, principalement sur l\u2019intercommunalit\u00e9 C\u0153ur et Coteaux du Comminges, dans les communes situ\u00e9es au pourtour des p\u00f4les urbains comme Saint-Gaudens, et \u00e0 proximit\u00e9 des grands axes routiers (A64, RN 117). Face \u00e0 l\u2019urbanisation croissante en Haute-Garonne, le prix du sol et la pression fonci\u00e8re augmentent. La surface agricole, ne repr\u00e9sente plus que 58% (346.000 Ha) de la superficie du d\u00e9partement, soit une perte de 6% par rapport \u00e0 1988. L&#8217;agriculture p\u00e9riurbaine est la plus touch\u00e9e puisqu&#8217;elle a perdu 30% de sa surface depuis 1988 du fait de l&#8217;urbanisation et de l&#8217;emprise des infrastructures.<\/span><\/span><\/span><\/p>\n<p style=\"text-align: justify;\" align=\"center\"><span style=\"color: #000000;\"><br class=' sb-br' \/><span style=\"font-family: Liberation Serif, serif;\"><span style=\"font-size: large;\">Le Pr\u00e9fet d\u2019Occitanie pr\u00e9conisait <i>\u00ab\u00a0d\u2019inciter les acteurs \u00e0 faire \u00e9voluer leur regard en mati\u00e8re d\u2019urbanisme vers les principes suivants\u00a0: Le d\u00e9veloppement dans des zones d\u00e9j\u00e0 artificialis\u00e9es, notamment les c\u0153urs de villes doit devenir la r\u00e8gle\u00a0; l\u2019extension doit devenir une \u00ab\u00a0exception justifi\u00e9e\u00a0\u00bb dans le cadre du tryptique \u00ab\u00a0\u00e9viter, r\u00e9duire, compenser\u00a0\u00bb. <\/i>Dans ses orientations strat\u00e9giques l\u2019\u00c9tat demande \u00e0 l\u2019\u00c9tablissement Public Foncier d\u2019\u00c9tat (EPFE) (\u2026) \u00ab\u00a0<i>de prioriser son action en zones moins tendues autour de la reconversion de friches et de fonciers d\u2019activit\u00e9s, de l\u2019intervention sur l\u2019habitat ancien d\u00e9grad\u00e9 et de dents creuses<\/i> \u00bb.<\/span><\/span><\/span><\/p>\n<p style=\"text-align: justify;\" align=\"center\"><span style=\"color: #000000;\"><br class=' sb-br' \/><span style=\"font-family: Liberation Serif, serif;\"><span style=\"font-size: large;\">La circulaire du premier ministre du 24 ao\u00fbt 2020, en r\u00e9f\u00e9rence au plan biodiversit\u00e9 et aux conclusions de la convention citoyenne pour le climat, demande aux pr\u00e9fets\u00a0<i>&#8220;de faire usage des pouvoirs dont ils disposent en la mati\u00e8re pour lutter contre l&#8217;artificialisation des sols g\u00e9n\u00e9r\u00e9e par les \u00e9quipements commerciaux soumis \u00e0 autorisation d&#8217;exploitation commerciale&#8221; <\/i>et\u00a0oblige \u00e0 repenser l\u2019am\u00e9nagement urbain.<\/span><\/span><\/span><\/p>\n<p style=\"text-align: left;\" align=\"center\"><span style=\"color: #000000;\"><br class=' sb-br' \/><span style=\"font-family: Liberation Serif, serif;\"><span style=\"font-size: large;\"><b>&#8211; La situation au niveau du PETR Comminges-Pyr\u00e9n\u00e9es<\/b><\/span><\/span><\/span><\/p>\n<p style=\"text-align: justify;\" align=\"center\"><span style=\"color: #000000;\"><br class=' sb-br' \/><span style=\"font-family: Liberation Serif, serif;\"><span style=\"font-size: large;\">Au vu de la persistance de projets d\u2019urbanisation de nos Communaut\u00e9s de communes, nous doutons que cet objectif fix\u00e9 par les autorit\u00e9s au niveau r\u00e9gional et national ait \u00e9t\u00e9 vraiment entendu en Comminges.<\/span><\/span><\/span><\/p>\n<p style=\"text-align: justify;\" align=\"center\"><span style=\"color: #000000;\"><br class=' sb-br' \/><span style=\"font-family: Liberation Serif, serif;\"><span style=\"font-size: large;\">Certes, le Sch\u00e9ma de Coh\u00e9rence Territoriale (SCoT) du Pays Comminges Pyr\u00e9n\u00e9es, approuv\u00e9 le 04 juillet 2019,\u00a0 a d\u00e9fini de grandes orientations en mati\u00e8re d\u2019urbanisme, apportant une vision de territoire pour les d\u00e9cennies \u00e0 venir. S\u2019il s\u2019engage \u00e0 r\u00e9duire de 50% l\u2019artificialisation des sols durant les prochaines d\u00e9cennies, l\u2019association Nature Comminges a toutefois tenu \u00e0 souligner\u00a0 dans sa contribution lors de l\u2019enqu\u00eate publique, certaines r\u00e9serves s\u00e9rieuses et son d\u00e9saccord avec certaines orientations des documents (PADD et DOO), qui laissent ouvertes les possibilit\u00e9s de cr\u00e9ation et\/o\u00f9 d\u2019extension de nouvelles zones commerciales.<\/span><\/span><\/span><\/p>\n<p style=\"text-align: justify;\" align=\"center\"><span style=\"color: #000000;\"><br class=' sb-br' \/><span style=\"font-family: Liberation Serif, serif;\"><span style=\"font-size: large;\">Nous r\u00e9affirmons notre inqui\u00e9tude, d\u00e9j\u00e0 exprim\u00e9e dans une contribution \u00e9crite le 19 avril 2019 vers\u00e9e \u00e0\u00a0 l&#8217;enqu\u00eate publique du ScoT du Pays de Comminges-Pyr\u00e9n\u00e9es, concernant la programmation de nouvelles surfaces r\u00e9serv\u00e9es \u00e0 l\u2019implantation de locaux commerciaux (125 hectares pour la Communaut\u00e9 de communes Cagire-Salat, 541 hectares pour la Communaut\u00e9 de Communes C\u0153ur et coteaux du Comminges, 109 hectares pour la Communaut\u00e9 de Communes Pyr\u00e9n\u00e9es Haut-garonnaises). En effet, il appara\u00eet que les projets d\u2019am\u00e9nagement actuels, non seulement ne corrigent pas les erreurs pass\u00e9es, mais s\u2019orientent \u00e0 nouveau vers une consommation inconsid\u00e9r\u00e9e d\u2019espace et de terres agricoles, en contradiction flagrante avec la ma\u00eetrise de la consommation d\u2019espaces agricoles et de milieux naturels (affirm\u00e9e par le SCoT, pages 50 et 51)\u00a0; de tels am\u00e9nagements vont \u00e0 l\u2019encontre de la lutte contre le changement climatique, entra\u00eenant des impacts irr\u00e9versibles sur les milieux, les paysages et la biodiversit\u00e9\u00a0; ces derniers sont d\u2019autant moins justifi\u00e9s que l\u2019on assiste depuis plusieurs ann\u00e9es \u00e0 la fermeture de nombreuses surfaces commerciales, notamment dans la Zone Europa d\u2019Estancarbon concurrenc\u00e9e par la Zac des Landes voisine.<\/span><\/span><\/span><\/p>\n<p style=\"text-align: justify;\" align=\"center\"><span style=\"color: #000000;\"><br class=' sb-br' \/><span style=\"font-family: Liberation Serif, serif;\"><span style=\"font-size: large;\">Pour Saint-Gaudens et les communes voisines, la nouvelle zone nomm\u00e9e \u00ab\u00a0Futuropole\u00a0\u00bb implant\u00e9e en bordure de la ville, mieux int\u00e9gr\u00e9e dans le tissu urbain, entre les quartiers pavillonnaires et l\u2019autoroute, devrait assurer une augmentation suffisante des espaces pour l\u2019artisanat et les commerces. Le projet OZE de la zone ouest\u00a0par contre est inacceptable. Pour s\u2019accommoder d\u2019un am\u00e9nagement initialement incoh\u00e9rent\u00a0(dispersion des espaces morcel\u00e9s, depuis la sortie de St Gaudens jusqu\u2019\u00e0 l\u2019entr\u00e9e de Villeneuve, et \u00e9talement de part et d\u2019autre de la D 817), il s\u2019agit maintenant de r\u00e9unir les trois Zones Artisanales existantes pour n\u2019en faire qu\u2019une, gigantesque en terme de consommations de terres agricoles, tr\u00e8s critiquable en terme d\u2019atteinte \u00e0 la biodiversit\u00e9 et d\u2019impact paysager. C\u2019est pourquoi ce projet a suscit\u00e9 des r\u00e9serves et critiques de l\u2019Autorit\u00e9 Environnementale de la r\u00e9gion Occitanie.<\/span><\/span><\/span><\/p>\n<p style=\"text-align: left;\" align=\"center\"><span style=\"color: #000000;\"><br class=' sb-br' \/> <span style=\"font-family: Liberation Serif, serif;\"><span style=\"font-size: large;\">&#8211; <b>Nos demandes<\/b><\/span><\/span><\/span><\/p>\n<p style=\"text-align: left;\" align=\"center\"><span style=\"color: #000000;\"><br class=' sb-br' \/><span style=\"font-family: Liberation Serif, serif;\"><span style=\"font-size: large;\">Fort de ces constats, nous demandons\u00a0:<\/span><\/span><\/span><\/p>\n<p style=\"text-align: justify;\" align=\"center\"><span style=\"color: #000000;\"><br class=' sb-br' \/><span style=\"font-family: Liberation Serif, serif;\"><span style=\"font-size: large;\"><b>1 &#8211; Qu\u2019une<\/b> <b>modification du SCoT du Pays Comminges-Pyr\u00e9n\u00e9es soit engag\u00e9e sans attendre les d\u00e9lais r\u00e9glementaires et sa mise en compatibilit\u00e9 avec le SRADDET et la future charte du PNR Comminges-Barousse.<\/b><\/span><\/span><\/span><\/p>\n<p style=\"text-align: justify;\" align=\"center\"><span style=\"color: #000000;\"><br class=' sb-br' \/><span style=\"font-family: Liberation Serif, serif;\"><span style=\"font-size: large;\">Nos associations sollicitent une clarification de l\u2019articulation du d\u00e9veloppement port\u00e9 par les SCoT, notamment celui du <b>PETR Comminges-Pyr\u00e9n\u00e9es<\/b> et le projet de territoire qui sera port\u00e9 par la <b>Charte du Parc Naturel R\u00e9gional Comminges Barousse Pyr\u00e9n\u00e9es<\/b>, comme le recommande l\u2019avis du 20 f\u00e9vrier 2020 du Conseil National de la Protection de la Nature adress\u00e9 au Ministre de la transition \u00e9cologique et solidaire\u00a0dans l\u2019attente de l\u2019Arr\u00eat\u00e9 du Pr\u00e9fet de R\u00e9gion ; nous nous permettons de rappeler que cet avis rappelle que cette Charte \u00ab\u00a0<i>doit \u00eatre plus exigeante que les ScoT qui doivent \u00eatre mis en compatibilit\u00e9 avec la Charte du PNR sous 3 ans au titre du L.333-1 du Code de l\u2019Environnement\u00a0\u00bb.<\/i> Cet avis recommande \u00e9galement de\u00a0:<\/span><\/span><\/span><\/p>\n<p style=\"text-align: justify;\" align=\"center\"><span style=\"color: #000000;\"><br class=' sb-br' \/><span style=\"font-family: Liberation Serif, serif;\"><span style=\"font-size: large;\"><i>&#8211; veiller \u00e0 ce que la future charte soit compatible avec le SRADDET, dont ses r\u00e8gles.11, \u00ab Sobri\u00e9t\u00e9 fonci\u00e8re \u00bb et 16 \u00ab Continuit\u00e9s \u00e9cologiques \u00bb ;<\/i><\/span><\/span><\/span><\/p>\n<p style=\"text-align: justify;\" align=\"center\"><span style=\"color: #000000;\"><br class=' sb-br' \/><span style=\"font-family: Liberation Serif, serif;\"><span style=\"font-size: large;\"><i>&#8211; disposer d\u2019engagements forts et volontaires en mati\u00e8re de ma\u00eetrise de l\u2019urbanisation, notamment pour prot\u00e9ger les zones humides, les continuit\u00e9s \u00e9cologiques et les enjeux paysagers ;<\/i><\/span><\/span><\/span><\/p>\n<p style=\"text-align: justify;\" align=\"center\"><span style=\"color: #000000;\"><br class=' sb-br' \/><span style=\"font-family: Liberation Serif, serif;\"><span style=\"font-size: large;\"><i>&#8211; prioriser la r\u00e9alisation d\u2019ABC (Atlas de la Biodiversit\u00e9 Communale) dans les communes concern\u00e9es par des zones potentiellement am\u00e9nageables et s\u2019appuyer dessus pour r\u00e9fl\u00e9chir les projets d\u2019am\u00e9nagement, notamment en termes de continuit\u00e9s \u00e9cologiques et d\u2019int\u00e9gration paysag\u00e8re ;<\/i><\/span><\/span><\/span><\/p>\n<p style=\"text-align: justify;\" align=\"center\"><span style=\"color: #000000;\"><br class=' sb-br' \/><span style=\"font-family: Liberation Serif, serif;\"><span style=\"font-size: large;\"><i>&#8211; d\u00e9finir des coupures d\u2019urbanisation significatives afin d\u2019affirmer les continuit\u00e9s \u00e9cologiques en cr\u00e9ant des \u00ab Espaces de continuit\u00e9s \u00e9cologiques \u00bb (selon les articles L. 113-29 et 30 du code de l\u2019urbanisme) ;<\/i><\/span><\/span><\/span><\/p>\n<p style=\"text-align: justify;\" align=\"center\"><span style=\"color: #000000;\"><br class=' sb-br' \/><span style=\"font-family: Liberation Serif, serif;\"><span style=\"font-size: large;\"><i>&#8211; prot\u00e9ger les r\u00e9servoirs de biodiversit\u00e9 et les corridors \u00e9cologiques dits \u00ab sous pression \u00bb et les zones paysag\u00e8res \u00e0 pr\u00e9server, en pr\u00e9voyant un classement adapt\u00e9 dans les documents d\u2019urbanisme et des mesures de gestion pour maintenir ou restaurer leurs fonctionnalit\u00e9s \u00e9cologiques.\u00a0\u00bb<\/i><\/span><\/span><\/span><\/p>\n<p style=\"text-align: justify;\" align=\"center\"><span style=\"color: #000000;\"><br class=' sb-br' \/><span style=\"font-family: Liberation Serif, serif;\"><span style=\"font-size: large;\"><b>2 &#8211; l&#8217;abandon du projet de ZAC ouest de Saint-Gaudens &#8211; Villeneuve de Rivi\u00e8re, dite OZE<\/b> <b>(manifestement incompatible avec les r\u00e8gles g\u00e9n\u00e9rales du SRADDET et les engagements de l&#8217;Etat en mati\u00e8re d&#8217;artificialisation).<\/b><\/span><\/span><\/span><\/p>\n<p style=\"text-align: justify;\" align=\"center\"><span style=\"color: #000000;\"><br class=' sb-br' \/><span style=\"font-family: Liberation Serif, serif;\"><span style=\"font-size: large;\">La priorit\u00e9 est d\u00e9sormais de densifier, rendre utiles les espaces d\u00e9j\u00e0 artificialis\u00e9s avant de projeter toute nouvelle artificialisation, en respectant les principes de sobri\u00e9t\u00e9 fonci\u00e8re, de densification du b\u00e2ti, en priorisant la reconversion de friches industrielles et la r\u00e9habilitation des Zones d\u2019Activit\u00e9 en d\u00e9clin\u00a0plut\u00f4t que d\u2019\u00e9tendre la surface ou cr\u00e9er de nouvelles Zones d\u2019activit\u00e9s commerciales ; cette exigence de r\u00e9orientation des politiques urbaines est rappel\u00e9e dans le courrier du Pr\u00e9fet de la R\u00e9gion Occitanie, adress\u00e9 le 23 octobre 2018 aux Pr\u00e9fets des d\u00e9partements sur la consommation d\u2019espace en r\u00e9gion Occitanie.<\/span><\/span><\/span><\/p>\n<p style=\"text-align: justify;\" align=\"center\"><span style=\"color: #000000;\"><br class=' sb-br' \/><span style=\"font-family: Liberation Serif, serif;\"><span style=\"font-size: large;\">Plus r\u00e9cemment, le conseil de d\u00e9fense \u00e9cologique du 27 juillet 2020 a demand\u00e9 un moratoire sur les projets de zones commerciales implant\u00e9es sur des terrains qui ne sont pas d\u00e9j\u00e0 artificialis\u00e9s.<\/span><\/span><\/span><\/p>\n<p style=\"text-align: justify;\" align=\"center\"><br class=' sb-br' \/><span style=\"font-family: Liberation Serif, serif;\"><span style=\"font-size: large;\"><i><a href=\"https:\/\/www.ecologie.gouv.fr\/sites\/default\/files\/2020.07.28-Fiche_media_Artificialisation.pdf\">\u00ab\u00a0Sans d\u00e9lai, les projets de zones\u00a0commerciales implant\u00e9es sur des terrains qui\u00a0ne sont pas d\u00e9j\u00e0 artificialis\u00e9s feront l&#8217;objet\u00a0d&#8217;un moratoire mis en \u0153uvre par les pr\u00e9fets\u00a0avec les outils du droit actuel, puis les\u00a0conditions de d\u00e9livrance de ces autorisations\u00a0seront revues dans la loi afin d\u2019atteindre\u00a0l\u2019objectif de lutte contre l\u2019artificialisation\u00a0\u00bb<\/a>.\u00a0<\/i><\/span><\/span><\/p>\n<p style=\"text-align: justify;\" align=\"center\"><br class=' sb-br' \/><span style=\"font-family: 'Liberation Serif', serif; color: #000000;\"><span style=\"font-size: large;\"><b>3 &#8211; Nous exigeons que les parcs photovolta\u00efques soient r\u00e9serv\u00e9s aux espaces d\u00e9j\u00e0 artificialis\u00e9s<\/b><\/span><\/span><\/p>\n<p style=\"text-align: justify;\" align=\"center\"><span style=\"color: #000000;\"><br class=' sb-br' \/><span style=\"font-family: Liberation Serif, serif;\"><span style=\"font-size: large;\">Comme nous l\u2019avons propos\u00e9 lors de la r\u00e9daction du SCoT du Pays de Comminges Pyr\u00e9n\u00e9es, nous demandons \u00e9galement que les projets de Parcs photovolta\u00efques soient r\u00e9serv\u00e9s aux zones d\u00e9j\u00e0 artificialis\u00e9es et imperm\u00e9abilis\u00e9es, en installant des ombri\u00e8res photovolta\u00efques au dessus des parkings et des panneaux solaires sur les toits des surfaces commerciales, artisanales, etc.\u2026. Plusieurs projets ont \u00e9t\u00e9 implant\u00e9s sur d\u2019anciennes d\u00e9charges, des zones de stockage de d\u00e9chets inertes, ou des friches industrielles, n\u00e9anmoins, malgr\u00e9 la circulaire du 18 d\u00e9cembre 2009 du minist\u00e8re de l\u2019\u00e9cologie,\u00a0 certains projets locaux restent implant\u00e9s en zone agricole, ou d\u00e9passent les limites\u00a0 (en partie sur des sites naturels d\u2019int\u00e9r\u00eat, \u00e0 proximit\u00e9 de zones humides, au c\u0153ur de ZNIEFF, sur des terrains recolonis\u00e9s par la nature).<\/span><\/span><\/span><\/p>\n<p style=\"text-align: justify;\" align=\"center\"><span style=\"color: #000000;\"><br class=' sb-br' \/><span style=\"font-family: Liberation Serif, serif;\"><span style=\"font-size: large;\"><b>4 &#8211; Nous demandons que les collectivit\u00e9s locales du Comminges engagent, d\u00e8s \u00e0 pr\u00e9sent, une d\u00e9marche volontariste en mati\u00e8re de friches commerciales ou industrielles.<\/b><\/span><\/span><\/span><\/p>\n<p style=\"text-align: justify;\" align=\"center\"><span style=\"color: #000000;\"><br class=' sb-br' \/><span style=\"font-family: Liberation Serif, serif;\"><span style=\"font-size: large;\">Nous sollicitons des Communaut\u00e9s de communes de faire des offres de rachat des surfaces priv\u00e9es en friches pour les r\u00e9habiliter ou les exploiter. <\/span><\/span><span style=\"font-family: Liberation Serif, serif;\"><span style=\"font-size: large;\">Il convient de rappeler \u00e0 ce sujet que le plan de relance gouvernemental (pp.31 et sv), adopt\u00e9 le 3 septembre 2020, pr\u00e9voit la cr\u00e9ation d\u2019un fonds de recyclage des friches et renouvellement urbain, qui<\/span><\/span><span style=\"font-family: Liberation Serif, serif;\"><span style=\"font-size: large;\"> b\u00e9n\u00e9ficiera d\u2019une enveloppe de 300 M\u20ac\u00a0; 700 k\u20ac seront consacr\u00e9s \u00e0 l\u2019appui aux outils d\u2019accompagnement d\u00e9velopp\u00e9s par le CEREMA : Cartofriches, UrbanVitaliz<\/span><\/span><span style=\"font-family: Liberation Serif, serif;\"><span style=\"font-size: large;\"> (cf <\/span><\/span><\/span><span style=\"font-family: Liberation Serif, serif;\"><span style=\"font-size: large;\"><span style=\"color: #000000;\">:<\/span>\u00a0<\/span><\/span><a href=\"https:\/\/www.economie.gouv.fr\/files\/files\/directions_services\/plan-de-relance\/annexe-fiche-mesures.pdf\"><span style=\"color: #196ad4;\"><span style=\"font-family: Liberation Serif, serif;\"><span style=\"font-size: large;\">https:\/\/www.economie.gouv.fr\/files\/files\/directions_services\/plan-de-relance\/annexe-fiche-mesures.pdf<\/span><\/span><\/span><\/a><span style=\"font-family: 'Liberation Serif', serif; color: #000000;\"><span style=\"font-size: large;\">).<\/span><\/span><\/p>\n<p style=\"text-align: justify;\" align=\"center\"><br class=' sb-br' \/><span style=\"font-family: Liberation Serif, serif;\"><span style=\"font-size: large;\"><span style=\"color: #000000;\">Nous sollicitons \u00e9galement la mise en place de <b>plans de renouvellement urbain, la restauration du b\u00e2ti existant<\/b>, selon une approche d\u2019\u00e9cologie urbaine pour inverser cette approche de l\u2019espace et cr\u00e9er un environnement urbain de qualit\u00e9 (organiser la r\u00e9utilisation des nombreux espaces vides en centre ville pour toutes les activit\u00e9s compatibles, r\u00e9affecter des surfaces \u00e0 l\u2019agriculture lorsque c\u2019est possible, par exemple en installant un mara\u00eechage en lieu et place des pelouses, le lancement d&#8217;une r\u00e9flexion sur <\/span><span style=\"color: #ff0000;\">les<\/span><span style=\"color: #000000;\"> panneaux publicitaires \u00e0 l&#8217;entr\u00e9e des villes\u2026).<\/span><\/span><\/span><\/p>\n<p style=\"text-align: justify;\" align=\"center\"><br class=' sb-br' \/><span style=\"font-family: 'Liberation Serif', serif; color: #000000;\"><span style=\"font-size: large;\">Enfin, une r\u00e9flexion sur <b>les espaces d\u00e9volus aux parkings et \u00e0 la circulation automobile serait n\u00e9cessaire. Le <\/b>\u00ab\u00a0tout pour la voiture\u00a0\u00bb\u00a0est un concept p\u00e9rim\u00e9 dans le contexte actuel de lutte contre le changement climatique (compte tenu notamment de l\u2019\u00e9laboration d\u2019un Plan Climat par le PETR Pyr\u00e9n\u00e9es-Comminges). Le d\u00e9veloppement des transports en commun et des \u00e9quipements pour le v\u00e9lo est attendu, mais, s\u2019il permettait enfin l\u2019acc\u00e8s des centres commerciaux, les magasins seraient trop \u00e9loign\u00e9s les uns des autres pour des pi\u00e9tons.<\/span><\/span><\/p>\n<p style=\"text-align: justify;\" align=\"center\"><span style=\"font-family: 'Liberation Serif', serif; color: #000000;\"><span style=\"font-size: large;\">\u00a0<br class=' sb-br' \/><\/span><\/span><span style=\"color: #000000;\"><a href=\"http:\/\/www.nature-comminges.asso.fr\/wp-content\/uploads\/2020\/12\/exposition-photos.pdf\"><span style=\"font-family: Liberation Serif, serif;\"><span style=\"font-size: large;\"><i><b>Voir ici pour une exposition photo<\/b><\/i><\/span><\/span><\/a><span style=\"font-family: 'Liberation Serif', serif;\"><span style=\"font-size: large;\">.<\/span><\/span><\/span><\/p>\n<p style=\"text-align: center;\" align=\"center\"><br class=' sb-br' \/> <a href=\"http:\/\/www.nature-comminges.asso.fr\/wp-content\/uploads\/2020\/12\/Zac-Europa1-Cop.jpg\" rel=\"lightbox[4487]\"><img loading=\"lazy\" class=\"alignnone size-full wp-image-4497\" src=\"http:\/\/www.nature-comminges.asso.fr\/wp-content\/uploads\/2020\/12\/Zac-Europa1-Cop.jpg\" alt=\"\" width=\"1024\" height=\"768\" srcset=\"http:\/\/www.nature-comminges.asso.fr\/wp-content\/uploads\/2020\/12\/Zac-Europa1-Cop.jpg 1024w, http:\/\/www.nature-comminges.asso.fr\/wp-content\/uploads\/2020\/12\/Zac-Europa1-Cop-300x225.jpg 300w, http:\/\/www.nature-comminges.asso.fr\/wp-content\/uploads\/2020\/12\/Zac-Europa1-Cop-768x576.jpg 768w, http:\/\/www.nature-comminges.asso.fr\/wp-content\/uploads\/2020\/12\/Zac-Europa1-Cop-624x468.jpg 624w\" sizes=\"(max-width: 1024px) 100vw, 1024px\" \/><\/a><\/p>\n<p align=\"center\"><br class=' sb-br' \/> <a href=\"http:\/\/www.nature-comminges.asso.fr\/wp-content\/uploads\/2020\/12\/Zac-Europa-Cop.jpg\" rel=\"lightbox[4487]\"><img loading=\"lazy\" class=\"size-full wp-image-4496 aligncenter\" src=\"http:\/\/www.nature-comminges.asso.fr\/wp-content\/uploads\/2020\/12\/Zac-Europa-Cop.jpg\" alt=\"\" width=\"1024\" height=\"768\" srcset=\"http:\/\/www.nature-comminges.asso.fr\/wp-content\/uploads\/2020\/12\/Zac-Europa-Cop.jpg 1024w, http:\/\/www.nature-comminges.asso.fr\/wp-content\/uploads\/2020\/12\/Zac-Europa-Cop-300x225.jpg 300w, http:\/\/www.nature-comminges.asso.fr\/wp-content\/uploads\/2020\/12\/Zac-Europa-Cop-768x576.jpg 768w, http:\/\/www.nature-comminges.asso.fr\/wp-content\/uploads\/2020\/12\/Zac-Europa-Cop-624x468.jpg 624w\" sizes=\"(max-width: 1024px) 100vw, 1024px\" \/><\/a><span style=\"font-family: 'Liberation Serif', serif; color: #000000;\"><span style=\"font-size: large;\">la ZAC Europa<\/span><\/span><\/p>\n","protected":false},"excerpt":{"rendered":"<p>Argumentaire sur l\u2019Artificialisation des sols dans le Comminges Les associations suivantes : Nature en Occitanie, FNE Midi pyr\u00e9n\u00e9es, AREMIP, Les amis de la Terre Midi-pyr\u00e9n\u00e9es, ATTAC Comminges et Nature Comminges, ont adress\u00e9 une &#8220;lettre ouverte aux \u00e9lus&#8221; pour protester contre l&#8217;extension des zones urbanis\u00e9es et l&#8217;artificialisation des sols en Comminges, notamment contre le projet OZE [&hellip;]<\/p>\n","protected":false},"author":2,"featured_media":0,"parent":0,"menu_order":0,"comment_status":"closed","ping_status":"closed","template":"","meta":[],"_links":{"self":[{"href":"http:\/\/www.nature-comminges.asso.fr\/index.php\/wp-json\/wp\/v2\/pages\/4487"}],"collection":[{"href":"http:\/\/www.nature-comminges.asso.fr\/index.php\/wp-json\/wp\/v2\/pages"}],"about":[{"href":"http:\/\/www.nature-comminges.asso.fr\/index.php\/wp-json\/wp\/v2\/types\/page"}],"author":[{"embeddable":true,"href":"http:\/\/www.nature-comminges.asso.fr\/index.php\/wp-json\/wp\/v2\/users\/2"}],"replies":[{"embeddable":true,"href":"http:\/\/www.nature-comminges.asso.fr\/index.php\/wp-json\/wp\/v2\/comments?post=4487"}],"version-history":[{"count":3,"href":"http:\/\/www.nature-comminges.asso.fr\/index.php\/wp-json\/wp\/v2\/pages\/4487\/revisions"}],"predecessor-version":[{"id":4498,"href":"http:\/\/www.nature-comminges.asso.fr\/index.php\/wp-json\/wp\/v2\/pages\/4487\/revisions\/4498"}],"wp:attachment":[{"href":"http:\/\/www.nature-comminges.asso.fr\/index.php\/wp-json\/wp\/v2\/media?parent=4487"}],"curies":[{"name":"wp","href":"https:\/\/api.w.org\/{rel}","templated":true}]}}