{"id":405,"date":"2015-07-03T11:44:03","date_gmt":"2015-07-03T10:44:03","guid":{"rendered":"http:\/\/www.nature-comminges.asso.fr\/?page_id=405"},"modified":"2015-09-23T12:57:32","modified_gmt":"2015-09-23T11:57:32","slug":"rapaces","status":"publish","type":"page","link":"http:\/\/www.nature-comminges.asso.fr\/index.php\/rapaces\/","title":{"rendered":"Rapaces"},"content":{"rendered":"<h4 class=\"western\"><strong><span style=\"color: #000000;\"><span style=\"font-size: large;\">\u00a0<\/span><\/span><\/strong><\/h4>\n<p class=\"western\" align=\"justify\"><span style=\"color: #000000;\"><span style=\"font-size: large;\">La taille, la puissance et la rapidit\u00e9 des rapaces peut exercer sur l&#8217;homme une v\u00e9ritable fascination. <br class=' sb-br' \/> <\/span><\/span><\/p>\n<p class=\"western\" align=\"justify\"><span style=\"color: #000000;\"><span style=\"font-size: large;\">Nous avons la chance dans le Comminges de pouvoir observer 3 esp\u00e8ces de vautours (gypa\u00e8te barbu, vautour percnopt\u00e8re et vautour fauve), 2 esp\u00e8ces d&#8217;aigles (bott\u00e9 et royal) et de nombreux autres rapaces, dont nous vous proposons quelques images prises sur le vif ci-dessous. Toutes les photos ont \u00e9t\u00e9 fournies par des membres de l&#8217;association. <br class=' sb-br' \/> Cliquez sur une photo pour pouvoir l&#8217;agrandir puis faites d\u00e9filer le diaporama \u00e0 l&#8217;aide des fl\u00eaches. <br class=' sb-br' \/> <br class=' sb-br' \/><\/span><\/span><\/p>\n\n\t\t<style type=\"text\/css\">\n\t\t\t#gallery-1 {\n\t\t\t\tmargin: auto;\n\t\t\t}\n\t\t\t#gallery-1 .gallery-item {\n\t\t\t\tfloat: left;\n\t\t\t\tmargin-top: 10px;\n\t\t\t\ttext-align: center;\n\t\t\t\twidth: 50%;\n\t\t\t}\n\t\t\t#gallery-1 img {\n\t\t\t\tborder: 2px solid #cfcfcf;\n\t\t\t}\n\t\t\t#gallery-1 .gallery-caption {\n\t\t\t\tmargin-left: 0;\n\t\t\t}\n\t\t\t\/* see gallery_shortcode() in wp-includes\/media.php *\/\n\t\t<\/style>\n\t\t<div id='gallery-1' class='gallery galleryid-405 gallery-columns-2 gallery-size-large'><dl class='gallery-item'>\n\t\t\t<dt class='gallery-icon landscape'>\n\t\t\t\t<a href='http:\/\/www.nature-comminges.asso.fr\/wp-content\/uploads\/2015\/07\/0111-aigle-botte2.jpg' rel=\"lightbox[405]\"><img width=\"625\" height=\"391\" src=\"http:\/\/www.nature-comminges.asso.fr\/wp-content\/uploads\/2015\/07\/0111-aigle-botte2.jpg\" class=\"attachment-large size-large\" alt=\"\" loading=\"lazy\" aria-describedby=\"gallery-1-903\" srcset=\"http:\/\/www.nature-comminges.asso.fr\/wp-content\/uploads\/2015\/07\/0111-aigle-botte2.jpg 861w, http:\/\/www.nature-comminges.asso.fr\/wp-content\/uploads\/2015\/07\/0111-aigle-botte2-300x187.jpg 300w, http:\/\/www.nature-comminges.asso.fr\/wp-content\/uploads\/2015\/07\/0111-aigle-botte2-624x390.jpg 624w\" sizes=\"(max-width: 625px) 100vw, 625px\" \/><\/a>\n\t\t\t<\/dt>\n\t\t\t\t<dd class='wp-caption-text gallery-caption' id='gallery-1-903'>\n\t\t\t\tAigle bott\u00e9    \u00a9 Williams Fondevilla\n\t\t\t\t<\/dd><\/dl><dl class='gallery-item'>\n\t\t\t<dt class='gallery-icon landscape'>\n\t\t\t\t<a href='http:\/\/www.nature-comminges.asso.fr\/wp-content\/uploads\/2015\/07\/IMG_40352.jpg' rel=\"lightbox[405]\"><img width=\"625\" height=\"417\" src=\"http:\/\/www.nature-comminges.asso.fr\/wp-content\/uploads\/2015\/07\/IMG_40352.jpg\" class=\"attachment-large size-large\" alt=\"\" loading=\"lazy\" aria-describedby=\"gallery-1-898\" srcset=\"http:\/\/www.nature-comminges.asso.fr\/wp-content\/uploads\/2015\/07\/IMG_40352.jpg 861w, http:\/\/www.nature-comminges.asso.fr\/wp-content\/uploads\/2015\/07\/IMG_40352-300x200.jpg 300w, http:\/\/www.nature-comminges.asso.fr\/wp-content\/uploads\/2015\/07\/IMG_40352-624x416.jpg 624w\" sizes=\"(max-width: 625px) 100vw, 625px\" \/><\/a>\n\t\t\t<\/dt>\n\t\t\t\t<dd class='wp-caption-text gallery-caption' id='gallery-1-898'>\n\t\t\t\tMilan royal    \u00a9 Joel Duvernay\n\t\t\t\t<\/dd><\/dl><br style=\"clear: both\" \/><dl class='gallery-item'>\n\t\t\t<dt class='gallery-icon landscape'>\n\t\t\t\t<a href='http:\/\/www.nature-comminges.asso.fr\/wp-content\/uploads\/2015\/07\/IMG_54402.jpg' rel=\"lightbox[405]\"><img width=\"625\" height=\"417\" src=\"http:\/\/www.nature-comminges.asso.fr\/wp-content\/uploads\/2015\/07\/IMG_54402.jpg\" class=\"attachment-large size-large\" alt=\"\" loading=\"lazy\" aria-describedby=\"gallery-1-899\" srcset=\"http:\/\/www.nature-comminges.asso.fr\/wp-content\/uploads\/2015\/07\/IMG_54402.jpg 861w, http:\/\/www.nature-comminges.asso.fr\/wp-content\/uploads\/2015\/07\/IMG_54402-300x200.jpg 300w, http:\/\/www.nature-comminges.asso.fr\/wp-content\/uploads\/2015\/07\/IMG_54402-624x416.jpg 624w\" sizes=\"(max-width: 625px) 100vw, 625px\" \/><\/a>\n\t\t\t<\/dt>\n\t\t\t\t<dd class='wp-caption-text gallery-caption' id='gallery-1-899'>\n\t\t\t\tGypa\u00e8te barbu    \u00a9 Joel Duvernay\n\t\t\t\t<\/dd><\/dl><dl class='gallery-item'>\n\t\t\t<dt class='gallery-icon landscape'>\n\t\t\t\t<a href='http:\/\/www.nature-comminges.asso.fr\/wp-content\/uploads\/2015\/07\/IMG_77952.jpg' rel=\"lightbox[405]\"><img width=\"625\" height=\"417\" src=\"http:\/\/www.nature-comminges.asso.fr\/wp-content\/uploads\/2015\/07\/IMG_77952.jpg\" class=\"attachment-large size-large\" alt=\"\" loading=\"lazy\" aria-describedby=\"gallery-1-901\" srcset=\"http:\/\/www.nature-comminges.asso.fr\/wp-content\/uploads\/2015\/07\/IMG_77952.jpg 861w, http:\/\/www.nature-comminges.asso.fr\/wp-content\/uploads\/2015\/07\/IMG_77952-300x200.jpg 300w, http:\/\/www.nature-comminges.asso.fr\/wp-content\/uploads\/2015\/07\/IMG_77952-624x416.jpg 624w\" sizes=\"(max-width: 625px) 100vw, 625px\" \/><\/a>\n\t\t\t<\/dt>\n\t\t\t\t<dd class='wp-caption-text gallery-caption' id='gallery-1-901'>\n\t\t\t\tUn gypa\u00e8te barbu poursuivi par de grands corbeaux    \u00a9 Joel Duvernay\n\t\t\t\t<\/dd><\/dl><br style=\"clear: both\" \/><dl class='gallery-item'>\n\t\t\t<dt class='gallery-icon landscape'>\n\t\t\t\t<a href='http:\/\/www.nature-comminges.asso.fr\/wp-content\/uploads\/2015\/07\/0161-milan-royal-50102.jpg' rel=\"lightbox[405]\"><img width=\"625\" height=\"391\" src=\"http:\/\/www.nature-comminges.asso.fr\/wp-content\/uploads\/2015\/07\/0161-milan-royal-50102.jpg\" class=\"attachment-large size-large\" alt=\"\" loading=\"lazy\" aria-describedby=\"gallery-1-908\" srcset=\"http:\/\/www.nature-comminges.asso.fr\/wp-content\/uploads\/2015\/07\/0161-milan-royal-50102.jpg 861w, http:\/\/www.nature-comminges.asso.fr\/wp-content\/uploads\/2015\/07\/0161-milan-royal-50102-300x187.jpg 300w, http:\/\/www.nature-comminges.asso.fr\/wp-content\/uploads\/2015\/07\/0161-milan-royal-50102-624x390.jpg 624w\" sizes=\"(max-width: 625px) 100vw, 625px\" \/><\/a>\n\t\t\t<\/dt>\n\t\t\t\t<dd class='wp-caption-text gallery-caption' id='gallery-1-908'>\n\t\t\t\tMilan royal    \u00a9 Williams Fondevilla\n\t\t\t\t<\/dd><\/dl><dl class='gallery-item'>\n\t\t\t<dt class='gallery-icon landscape'>\n\t\t\t\t<a href='http:\/\/www.nature-comminges.asso.fr\/wp-content\/uploads\/2015\/07\/0159-milan-noir2.jpg' rel=\"lightbox[405]\"><img width=\"625\" height=\"391\" src=\"http:\/\/www.nature-comminges.asso.fr\/wp-content\/uploads\/2015\/07\/0159-milan-noir2.jpg\" class=\"attachment-large size-large\" alt=\"\" loading=\"lazy\" aria-describedby=\"gallery-1-907\" srcset=\"http:\/\/www.nature-comminges.asso.fr\/wp-content\/uploads\/2015\/07\/0159-milan-noir2.jpg 861w, http:\/\/www.nature-comminges.asso.fr\/wp-content\/uploads\/2015\/07\/0159-milan-noir2-300x187.jpg 300w, http:\/\/www.nature-comminges.asso.fr\/wp-content\/uploads\/2015\/07\/0159-milan-noir2-624x390.jpg 624w\" sizes=\"(max-width: 625px) 100vw, 625px\" \/><\/a>\n\t\t\t<\/dt>\n\t\t\t\t<dd class='wp-caption-text gallery-caption' id='gallery-1-907'>\n\t\t\t\tMilan noir    \u00a9 Williams Fondevilla\n\t\t\t\t<\/dd><\/dl><br style=\"clear: both\" \/><dl class='gallery-item'>\n\t\t\t<dt class='gallery-icon landscape'>\n\t\t\t\t<a href='http:\/\/www.nature-comminges.asso.fr\/wp-content\/uploads\/2015\/07\/IMG_56926.jpg' rel=\"lightbox[405]\"><img width=\"625\" height=\"417\" src=\"http:\/\/www.nature-comminges.asso.fr\/wp-content\/uploads\/2015\/07\/IMG_56926.jpg\" class=\"attachment-large size-large\" alt=\"\" loading=\"lazy\" aria-describedby=\"gallery-1-900\" srcset=\"http:\/\/www.nature-comminges.asso.fr\/wp-content\/uploads\/2015\/07\/IMG_56926.jpg 861w, http:\/\/www.nature-comminges.asso.fr\/wp-content\/uploads\/2015\/07\/IMG_56926-300x200.jpg 300w, http:\/\/www.nature-comminges.asso.fr\/wp-content\/uploads\/2015\/07\/IMG_56926-624x416.jpg 624w\" sizes=\"(max-width: 625px) 100vw, 625px\" \/><\/a>\n\t\t\t<\/dt>\n\t\t\t\t<dd class='wp-caption-text gallery-caption' id='gallery-1-900'>\n\t\t\t\tVautour fauve    \u00a9 Joel Duvernay\n\t\t\t\t<\/dd><\/dl><dl class='gallery-item'>\n\t\t\t<dt class='gallery-icon landscape'>\n\t\t\t\t<a href='http:\/\/www.nature-comminges.asso.fr\/wp-content\/uploads\/2015\/07\/IMG_75137.jpg' rel=\"lightbox[405]\"><img width=\"625\" height=\"417\" src=\"http:\/\/www.nature-comminges.asso.fr\/wp-content\/uploads\/2015\/07\/IMG_75137.jpg\" class=\"attachment-large size-large\" alt=\"\" loading=\"lazy\" aria-describedby=\"gallery-1-902\" srcset=\"http:\/\/www.nature-comminges.asso.fr\/wp-content\/uploads\/2015\/07\/IMG_75137.jpg 861w, http:\/\/www.nature-comminges.asso.fr\/wp-content\/uploads\/2015\/07\/IMG_75137-300x200.jpg 300w, http:\/\/www.nature-comminges.asso.fr\/wp-content\/uploads\/2015\/07\/IMG_75137-624x416.jpg 624w\" sizes=\"(max-width: 625px) 100vw, 625px\" \/><\/a>\n\t\t\t<\/dt>\n\t\t\t\t<dd class='wp-caption-text gallery-caption' id='gallery-1-902'>\n\t\t\t\tVautour fauve    \u00a9 Joel Duvernay\n\t\t\t\t<\/dd><\/dl><br style=\"clear: both\" \/><dl class='gallery-item'>\n\t\t\t<dt class='gallery-icon landscape'>\n\t\t\t\t<a href='http:\/\/www.nature-comminges.asso.fr\/wp-content\/uploads\/2015\/07\/IMG_36243.jpg' rel=\"lightbox[405]\"><img width=\"625\" height=\"417\" src=\"http:\/\/www.nature-comminges.asso.fr\/wp-content\/uploads\/2015\/07\/IMG_36243.jpg\" class=\"attachment-large size-large\" alt=\"\" loading=\"lazy\" aria-describedby=\"gallery-1-925\" srcset=\"http:\/\/www.nature-comminges.asso.fr\/wp-content\/uploads\/2015\/07\/IMG_36243.jpg 861w, http:\/\/www.nature-comminges.asso.fr\/wp-content\/uploads\/2015\/07\/IMG_36243-300x200.jpg 300w, http:\/\/www.nature-comminges.asso.fr\/wp-content\/uploads\/2015\/07\/IMG_36243-624x416.jpg 624w\" sizes=\"(max-width: 625px) 100vw, 625px\" \/><\/a>\n\t\t\t<\/dt>\n\t\t\t\t<dd class='wp-caption-text gallery-caption' id='gallery-1-925'>\n\t\t\t\tVautour percnopt\u00e8re    \u00a9 Joel Duvernay   \n\t\t\t\t<\/dd><\/dl><dl class='gallery-item'>\n\t\t\t<dt class='gallery-icon landscape'>\n\t\t\t\t<a href='http:\/\/www.nature-comminges.asso.fr\/wp-content\/uploads\/2015\/07\/0116-buse-variable-en-vol3.jpg' rel=\"lightbox[405]\"><img width=\"625\" height=\"418\" src=\"http:\/\/www.nature-comminges.asso.fr\/wp-content\/uploads\/2015\/07\/0116-buse-variable-en-vol3.jpg\" class=\"attachment-large size-large\" alt=\"\" loading=\"lazy\" aria-describedby=\"gallery-1-927\" srcset=\"http:\/\/www.nature-comminges.asso.fr\/wp-content\/uploads\/2015\/07\/0116-buse-variable-en-vol3.jpg 859w, http:\/\/www.nature-comminges.asso.fr\/wp-content\/uploads\/2015\/07\/0116-buse-variable-en-vol3-300x200.jpg 300w, http:\/\/www.nature-comminges.asso.fr\/wp-content\/uploads\/2015\/07\/0116-buse-variable-en-vol3-624x417.jpg 624w\" sizes=\"(max-width: 625px) 100vw, 625px\" \/><\/a>\n\t\t\t<\/dt>\n\t\t\t\t<dd class='wp-caption-text gallery-caption' id='gallery-1-927'>\n\t\t\t\tBuse variable    \u00a9 Williams Fondevilla\n\t\t\t\t<\/dd><\/dl><br style=\"clear: both\" \/><dl class='gallery-item'>\n\t\t\t<dt class='gallery-icon landscape'>\n\t\t\t\t<a href='http:\/\/www.nature-comminges.asso.fr\/wp-content\/uploads\/2015\/07\/0124-epervier-d-europe2.jpg' rel=\"lightbox[405]\"><img width=\"625\" height=\"391\" src=\"http:\/\/www.nature-comminges.asso.fr\/wp-content\/uploads\/2015\/07\/0124-epervier-d-europe2.jpg\" class=\"attachment-large size-large\" alt=\"\" loading=\"lazy\" aria-describedby=\"gallery-1-905\" srcset=\"http:\/\/www.nature-comminges.asso.fr\/wp-content\/uploads\/2015\/07\/0124-epervier-d-europe2.jpg 861w, http:\/\/www.nature-comminges.asso.fr\/wp-content\/uploads\/2015\/07\/0124-epervier-d-europe2-300x187.jpg 300w, http:\/\/www.nature-comminges.asso.fr\/wp-content\/uploads\/2015\/07\/0124-epervier-d-europe2-624x390.jpg 624w\" sizes=\"(max-width: 625px) 100vw, 625px\" \/><\/a>\n\t\t\t<\/dt>\n\t\t\t\t<dd class='wp-caption-text gallery-caption' id='gallery-1-905'>\n\t\t\t\tEpervier d&#8217;Europe    \u00a9 Williams Fondevilla \n\t\t\t\t<\/dd><\/dl><dl class='gallery-item'>\n\t\t\t<dt class='gallery-icon landscape'>\n\t\t\t\t<a href='http:\/\/www.nature-comminges.asso.fr\/wp-content\/uploads\/2015\/07\/0127-faucon-crecerelle2.jpg' rel=\"lightbox[405]\"><img width=\"625\" height=\"391\" src=\"http:\/\/www.nature-comminges.asso.fr\/wp-content\/uploads\/2015\/07\/0127-faucon-crecerelle2.jpg\" class=\"attachment-large size-large\" alt=\"\" loading=\"lazy\" aria-describedby=\"gallery-1-906\" srcset=\"http:\/\/www.nature-comminges.asso.fr\/wp-content\/uploads\/2015\/07\/0127-faucon-crecerelle2.jpg 861w, http:\/\/www.nature-comminges.asso.fr\/wp-content\/uploads\/2015\/07\/0127-faucon-crecerelle2-300x187.jpg 300w, http:\/\/www.nature-comminges.asso.fr\/wp-content\/uploads\/2015\/07\/0127-faucon-crecerelle2-624x390.jpg 624w\" sizes=\"(max-width: 625px) 100vw, 625px\" \/><\/a>\n\t\t\t<\/dt>\n\t\t\t\t<dd class='wp-caption-text gallery-caption' id='gallery-1-906'>\n\t\t\t\tFaucon cr\u00e9cerelle    \u00a9 Williams Fondevilla\n\t\t\t\t<\/dd><\/dl><br style=\"clear: both\" \/>\n\t\t<\/div>\n\n<p>&nbsp;<\/p>\n","protected":false},"excerpt":{"rendered":"<p>\u00a0 La taille, la puissance et la rapidit\u00e9 des rapaces peut exercer sur l&#8217;homme une v\u00e9ritable fascination. Nous avons la chance dans le Comminges de pouvoir observer 3 esp\u00e8ces de vautours (gypa\u00e8te barbu, vautour percnopt\u00e8re et vautour fauve), 2 esp\u00e8ces d&#8217;aigles (bott\u00e9 et royal) et de nombreux autres rapaces, dont nous vous proposons quelques images [&hellip;]<\/p>\n","protected":false},"author":1,"featured_media":0,"parent":0,"menu_order":0,"comment_status":"closed","ping_status":"closed","template":"","meta":[],"_links":{"self":[{"href":"http:\/\/www.nature-comminges.asso.fr\/index.php\/wp-json\/wp\/v2\/pages\/405"}],"collection":[{"href":"http:\/\/www.nature-comminges.asso.fr\/index.php\/wp-json\/wp\/v2\/pages"}],"about":[{"href":"http:\/\/www.nature-comminges.asso.fr\/index.php\/wp-json\/wp\/v2\/types\/page"}],"author":[{"embeddable":true,"href":"http:\/\/www.nature-comminges.asso.fr\/index.php\/wp-json\/wp\/v2\/users\/1"}],"replies":[{"embeddable":true,"href":"http:\/\/www.nature-comminges.asso.fr\/index.php\/wp-json\/wp\/v2\/comments?post=405"}],"version-history":[{"count":37,"href":"http:\/\/www.nature-comminges.asso.fr\/index.php\/wp-json\/wp\/v2\/pages\/405\/revisions"}],"predecessor-version":[{"id":928,"href":"http:\/\/www.nature-comminges.asso.fr\/index.php\/wp-json\/wp\/v2\/pages\/405\/revisions\/928"}],"wp:attachment":[{"href":"http:\/\/www.nature-comminges.asso.fr\/index.php\/wp-json\/wp\/v2\/media?parent=405"}],"curies":[{"name":"wp","href":"https:\/\/api.w.org\/{rel}","templated":true}]}}